{"id":9108,"date":"2024-10-08T15:08:42","date_gmt":"2024-10-08T15:08:42","guid":{"rendered":"https:\/\/resemedicin.se\/reseradet\/?page_id=9108"},"modified":"2024-10-31T14:24:11","modified_gmt":"2024-10-31T14:24:11","slug":"schweiz","status":"publish","type":"page","link":"https:\/\/resemedicin.se\/reseradet\/landsinformation\/schweiz\/","title":{"rendered":"Schweiz och Liechtenstein"},"content":{"rendered":"Du m\u00e5ste vara inloggad f\u00f6r att visa detta inneh\u00e5ll.","protected":false},"excerpt":{"rendered":"Du m\u00e5ste vara inloggad f\u00f6r att visa detta inneh\u00e5ll.","protected":false},"author":1,"featured_media":0,"parent":49,"menu_order":1,"comment_status":"open","ping_status":"closed","template":"","meta":{"_lmt_disableupdate":"no","_lmt_disable":"","footnotes":""},"class_list":["post-9108","page","type-page","status-publish","hentry"],"jetpack-related-posts":[{"id":9098,"url":"https:\/\/resemedicin.se\/reseradet\/landsinformation\/osterrike\/","url_meta":{"origin":9108,"position":0},"title":"\u00d6sterrike","author":"Reser\u00e5det","date":"2024-10-08","format":false,"excerpt":"Information till vaccinat\u00f6rer och reser\u00e5dgivare Klicka p\u00e5 bilden f\u00f6r st\u00f6rre karta. Kort landsinformation Vaccinationer Andra infektioner att vara observant p\u00e5 \u00d6vriga reserisker Aktuella utbrott Kort landsinformation \u00d6sterrike (befolkning cirka 9 miljoner inv\u00e5nare) \u00e4r ett land i Centraleuropa, k\u00e4nt f\u00f6r sina bergiga landskap och rika kulturarv. Landet gr\u00e4nsar till Tyskland och\u2026","rel":"","context":"Liknande inl\u00e4gg","block_context":{"text":"Liknande inl\u00e4gg","link":""},"img":{"alt_text":"","src":"https:\/\/i0.wp.com\/resemedicin.se\/reseradet\/wp-content\/uploads\/2024\/10\/osterrike-karta.jpg?resize=350%2C200&ssl=1","width":350,"height":200,"srcset":"https:\/\/i0.wp.com\/resemedicin.se\/reseradet\/wp-content\/uploads\/2024\/10\/osterrike-karta.jpg?resize=350%2C200&ssl=1 1x, https:\/\/i0.wp.com\/resemedicin.se\/reseradet\/wp-content\/uploads\/2024\/10\/osterrike-karta.jpg?resize=525%2C300&ssl=1 1.5x, https:\/\/i0.wp.com\/resemedicin.se\/reseradet\/wp-content\/uploads\/2024\/10\/osterrike-karta.jpg?resize=700%2C400&ssl=1 2x"},"classes":[]},{"id":2029,"url":"https:\/\/resemedicin.se\/reseradet\/vaccination\/klorokinfosfat\/","url_meta":{"origin":9108,"position":1},"title":"Klorokinfosfat","author":"Reser\u00e5det","date":"2024-05-07","format":false,"excerpt":"Information till vaccinat\u00f6rer och reser\u00e5dgivare P.g.a. uttalad resistens anv\u00e4nds detta preparat inte l\u00e4ngre i Sverige. L\u00e4kemedlet \u00e4r avregistrerat i Sverige sedan 2025-01-20.","rel":"","context":"Liknande inl\u00e4gg","block_context":{"text":"Liknande inl\u00e4gg","link":""},"img":{"alt_text":"","src":"","width":0,"height":0},"classes":[]},{"id":13297,"url":"https:\/\/resemedicin.se\/reseradet\/prenumerera-kostnadsfritt-pa-epinytt\/","url_meta":{"origin":9108,"position":2},"title":"Prenumerera kostnadsfritt p\u00e5 EpiNytt","author":"Reser\u00e5det","date":"2025-05-12","format":false,"excerpt":"Nyhetsbrevet EpiNytt kommer vanligen ut en g\u00e5ng i veckan (p\u00e5 tisdagar) med aktuell information om utbrott och andra nyheter av relevans f\u00f6r vaccinat\u00f6rer och reser\u00e5dgivare, samt rikligt med l\u00e4nkar till bakgrundsinformation och rekommendationer p\u00e5 Reser\u00e5det Pro. Prenumeration p\u00e5 EpiNytt \u00e4r kostnadsfritt, men f\u00f6r till g\u00e5ng till Reser\u00e5det Pro kr\u00e4vs \u00e5rsprenumeration.","rel":"","context":"Liknande inl\u00e4gg","block_context":{"text":"Liknande inl\u00e4gg","link":""},"img":{"alt_text":"","src":"","width":0,"height":0},"classes":[]},{"id":984,"url":"https:\/\/resemedicin.se\/reseradet\/sjukdomar-och-vacciner\/borrelia\/","url_meta":{"origin":9108,"position":3},"title":"Borreliainfektion (Lyme borrelios)","author":"Reser\u00e5det","date":"2024-04-10","format":false,"excerpt":"Information till vaccinat\u00f6rer och reser\u00e5dgivare Erytema migrans efter borreliainfektion. Smitt\u00e4mnet och smittv\u00e4gar Symptom Diagnostik och behandling Epidemiologi Riskgrupper Prevention Smitt\u00e4mnet och smittv\u00e4gar Borreliainfektion eller Lyme borrelios (LB) \u00e4r en f\u00e4sting\u00f6verf\u00f6rd bakterieinfektion orsakad av spirocheten Borrelia burgdorferi. Bakteriens livscykel cirkulerar mellan vektorn, den vanliga f\u00e4stingen (Ixodes ricinus) och olika v\u00e4rddjur. Larver\u2026","rel":"","context":"Liknande inl\u00e4gg","block_context":{"text":"Liknande inl\u00e4gg","link":""},"img":{"alt_text":"","src":"https:\/\/i0.wp.com\/resemedicin.se\/reseradet\/wp-content\/uploads\/2024\/08\/borrelios-karta.jpg?resize=350%2C200&ssl=1","width":350,"height":200,"srcset":"https:\/\/i0.wp.com\/resemedicin.se\/reseradet\/wp-content\/uploads\/2024\/08\/borrelios-karta.jpg?resize=350%2C200&ssl=1 1x, https:\/\/i0.wp.com\/resemedicin.se\/reseradet\/wp-content\/uploads\/2024\/08\/borrelios-karta.jpg?resize=525%2C300&ssl=1 1.5x, https:\/\/i0.wp.com\/resemedicin.se\/reseradet\/wp-content\/uploads\/2024\/08\/borrelios-karta.jpg?resize=700%2C400&ssl=1 2x"},"classes":[]},{"id":679,"url":"https:\/\/resemedicin.se\/reseradet\/reserad\/reseforsakringar\/","url_meta":{"origin":9108,"position":4},"title":"Resef\u00f6rs\u00e4kringar","author":"Reser\u00e5det","date":"2024-03-31","format":false,"excerpt":"Kortfakta Ov\u00e4ntade h\u00e4ndelser kan intr\u00e4ffa p\u00e5 din resa. Ofta r\u00e4cker skyddet i din hemf\u00f6rs\u00e4kring f\u00f6r att t\u00e4cka dessa, men om du inte har n\u00e5gon eller ska vara borta l\u00e4ngre \u00e4n 45 dagar beh\u00f6ver du k\u00f6pa en separat resef\u00f6rs\u00e4kring. Utan en g\u00e4llande f\u00f6rs\u00e4kring kan sjukv\u00e5rd utomlands bli mycket dyr och du\u2026","rel":"","context":"Liknande inl\u00e4gg","block_context":{"text":"Liknande inl\u00e4gg","link":""},"img":{"alt_text":"","src":"https:\/\/i0.wp.com\/resemedicin.se\/reseradet\/wp-content\/uploads\/2024\/04\/reseforsakring.jpg?resize=350%2C200&ssl=1","width":350,"height":200,"srcset":"https:\/\/i0.wp.com\/resemedicin.se\/reseradet\/wp-content\/uploads\/2024\/04\/reseforsakring.jpg?resize=350%2C200&ssl=1 1x, https:\/\/i0.wp.com\/resemedicin.se\/reseradet\/wp-content\/uploads\/2024\/04\/reseforsakring.jpg?resize=525%2C300&ssl=1 1.5x, https:\/\/i0.wp.com\/resemedicin.se\/reseradet\/wp-content\/uploads\/2024\/04\/reseforsakring.jpg?resize=700%2C400&ssl=1 2x"},"classes":[]},{"id":9475,"url":"https:\/\/resemedicin.se\/reseradet\/vaccination\/bedova-och-tvatta\/","url_meta":{"origin":9108,"position":5},"title":"Bed\u00f6va och tv\u00e4tta innan vaccination?","author":"Reser\u00e5det","date":"2024-10-12","format":false,"excerpt":"Information till vaccinat\u00f6rer och reser\u00e5dgivare Denna text \u00e4r skriven av Dr Lars Rombo och Dr Anja Rosdahl.\u00a0 Ingen har visat att det l\u00f6nar sig att tv\u00e4tta med alkohol f\u00f6re en injektion med vaccin. I dessa tider med en \u00f6kad milj\u00f6medvetenhet \u00e4r det kanske dags att vi slutar sprita av gammal\u2026","rel":"","context":"Liknande inl\u00e4gg","block_context":{"text":"Liknande inl\u00e4gg","link":""},"img":{"alt_text":"","src":"","width":0,"height":0},"classes":[]}],"jetpack_sharing_enabled":true,"_links":{"self":[{"href":"https:\/\/resemedicin.se\/reseradet\/wp-json\/wp\/v2\/pages\/9108","targetHints":{"allow":["GET"]}}],"collection":[{"href":"https:\/\/resemedicin.se\/reseradet\/wp-json\/wp\/v2\/pages"}],"about":[{"href":"https:\/\/resemedicin.se\/reseradet\/wp-json\/wp\/v2\/types\/page"}],"author":[{"embeddable":true,"href":"https:\/\/resemedicin.se\/reseradet\/wp-json\/wp\/v2\/users\/1"}],"replies":[{"embeddable":true,"href":"https:\/\/resemedicin.se\/reseradet\/wp-json\/wp\/v2\/comments?post=9108"}],"version-history":[{"count":4,"href":"https:\/\/resemedicin.se\/reseradet\/wp-json\/wp\/v2\/pages\/9108\/revisions"}],"predecessor-version":[{"id":11944,"href":"https:\/\/resemedicin.se\/reseradet\/wp-json\/wp\/v2\/pages\/9108\/revisions\/11944"}],"up":[{"embeddable":true,"href":"https:\/\/resemedicin.se\/reseradet\/wp-json\/wp\/v2\/pages\/49"}],"wp:attachment":[{"href":"https:\/\/resemedicin.se\/reseradet\/wp-json\/wp\/v2\/media?parent=9108"}],"curies":[{"name":"wp","href":"https:\/\/api.w.org\/{rel}","templated":true}]}}