{"id":8155,"date":"2024-10-03T09:09:49","date_gmt":"2024-10-03T09:09:49","guid":{"rendered":"https:\/\/resemedicin.se\/reseradet\/?page_id=8155"},"modified":"2026-03-26T09:16:05","modified_gmt":"2026-03-26T08:16:05","slug":"spanien","status":"publish","type":"page","link":"https:\/\/resemedicin.se\/reseradet\/landsinformation\/spanien\/","title":{"rendered":"Spanien (med Kanarie\u00f6arna, Balearerna, Ceuta, Melila och Gibraltar)"},"content":{"rendered":"Du m\u00e5ste vara inloggad f\u00f6r att visa detta inneh\u00e5ll.","protected":false},"excerpt":{"rendered":"Du m\u00e5ste vara inloggad f\u00f6r att visa detta inneh\u00e5ll.","protected":false},"author":1,"featured_media":0,"parent":49,"menu_order":1,"comment_status":"open","ping_status":"closed","template":"","meta":{"_lmt_disableupdate":"no","_lmt_disable":"","footnotes":""},"class_list":["post-8155","page","type-page","status-publish","hentry"],"jetpack-related-posts":[{"id":49,"url":"https:\/\/resemedicin.se\/reseradet\/landsinformation\/","url_meta":{"origin":8155,"position":0},"title":"Landsinfo- och rekommendationer","author":"Reser\u00e5det","date":"2024-03-05","format":false,"excerpt":"Afrika Asien Australien och Oceanien Europa Nord- och Mellanamerika Sydamerika Patientinformation f\u00f6r utskrift (pdf) H\u00e4lsor\u00e5d och vaccinationer f\u00f6r resen\u00e4rer till Australien och Oceanien H\u00e4lsor\u00e5d och vaccinationer f\u00f6r resen\u00e4rer till Balkan, Turkiet och \u00d6steuropa H\u00e4lsor\u00e5d och vaccinationer f\u00f6r resen\u00e4rer till Indien och grannl\u00e4nder H\u00e4lsor\u00e5d och vaccinationer f\u00f6r resen\u00e4rer till Mellanamerika och\u2026","rel":"","context":"Liknande inl\u00e4gg","block_context":{"text":"Liknande inl\u00e4gg","link":""},"img":{"alt_text":"","src":"https:\/\/i0.wp.com\/resemedicin.se\/reseradet\/wp-content\/uploads\/2025\/10\/worldmap.jpg?resize=350%2C200&ssl=1","width":350,"height":200,"srcset":"https:\/\/i0.wp.com\/resemedicin.se\/reseradet\/wp-content\/uploads\/2025\/10\/worldmap.jpg?resize=350%2C200&ssl=1 1x, https:\/\/i0.wp.com\/resemedicin.se\/reseradet\/wp-content\/uploads\/2025\/10\/worldmap.jpg?resize=525%2C300&ssl=1 1.5x, https:\/\/i0.wp.com\/resemedicin.se\/reseradet\/wp-content\/uploads\/2025\/10\/worldmap.jpg?resize=700%2C400&ssl=1 2x"},"classes":[]},{"id":675,"url":"https:\/\/resemedicin.se\/reseradet\/reserad\/resa-med-hund-och-katt\/","url_meta":{"origin":8155,"position":1},"title":"Resa med hund och katt","author":"Reser\u00e5det","date":"2024-03-31","format":false,"excerpt":"Kortfakta Resa med hund och katt inom EU Inresa till Sverige fr\u00e5n ett land utanf\u00f6r EU d\u00e4r rabiessituationen f\u00f6ljs Inresa till Sverige fr\u00e5n ett land utanf\u00f6r EU d\u00e4r rabiessituationen inte \u00e4r under kontroll Flyg- och b\u00e5tresor Kortfakta Att resa utanf\u00f6r Sverige med s\u00e4llskapsdjur kr\u00e4ver planering p\u00e5 f\u00f6rhand, inte minst med\u2026","rel":"","context":"Liknande inl\u00e4gg","block_context":{"text":"Liknande inl\u00e4gg","link":""},"img":{"alt_text":"","src":"https:\/\/i0.wp.com\/resemedicin.se\/reseradet\/wp-content\/uploads\/2024\/04\/halsointyg.png?resize=350%2C200&ssl=1","width":350,"height":200},"classes":[]},{"id":2029,"url":"https:\/\/resemedicin.se\/reseradet\/vaccination\/klorokinfosfat\/","url_meta":{"origin":8155,"position":2},"title":"Klorokinfosfat","author":"Reser\u00e5det","date":"2024-05-07","format":false,"excerpt":"Information till vaccinat\u00f6rer och reser\u00e5dgivare P.g.a. uttalad resistens anv\u00e4nds detta preparat inte l\u00e4ngre i Sverige. L\u00e4kemedlet \u00e4r avregistrerat i Sverige sedan 2025-01-20.","rel":"","context":"Liknande inl\u00e4gg","block_context":{"text":"Liknande inl\u00e4gg","link":""},"img":{"alt_text":"","src":"","width":0,"height":0},"classes":[]},{"id":1711,"url":"https:\/\/resemedicin.se\/reseradet\/sjukdomar-och-vacciner\/brucellos\/","url_meta":{"origin":8155,"position":3},"title":"Brucellos (Maltafeber)","author":"Reser\u00e5det","date":"2024-05-01","format":false,"excerpt":"Information till vaccinat\u00f6rer och reser\u00e5dgivare Smitt\u00e4mnet och smittv\u00e4gar Symptom Diagnostik och behandling Epidemiologi Riskgrupper Prevention Utbrott Smitt\u00e4mnet och smittv\u00e4gar Brucellos \u00e4r en bakteriesjukdom orsakad av Brucella abortus, B. melitensis, B. suis och B. canis. Dessa bakterierna \u00e4r t\u00e5liga och kan \u00f6verleva p\u00e5 marken och i opast\u00f6riserade mejeriprodukter i 2 m\u00e5nader.\u2026","rel":"","context":"Liknande inl\u00e4gg","block_context":{"text":"Liknande inl\u00e4gg","link":""},"img":{"alt_text":"","src":"https:\/\/i0.wp.com\/resemedicin.se\/reseradet\/wp-content\/uploads\/2024\/08\/brucellosis-karta.jpg?resize=350%2C200&ssl=1","width":350,"height":200,"srcset":"https:\/\/i0.wp.com\/resemedicin.se\/reseradet\/wp-content\/uploads\/2024\/08\/brucellosis-karta.jpg?resize=350%2C200&ssl=1 1x, https:\/\/i0.wp.com\/resemedicin.se\/reseradet\/wp-content\/uploads\/2024\/08\/brucellosis-karta.jpg?resize=525%2C300&ssl=1 1.5x, https:\/\/i0.wp.com\/resemedicin.se\/reseradet\/wp-content\/uploads\/2024\/08\/brucellosis-karta.jpg?resize=700%2C400&ssl=1 2x"},"classes":[]},{"id":13297,"url":"https:\/\/resemedicin.se\/reseradet\/prenumerera-kostnadsfritt-pa-epinytt\/","url_meta":{"origin":8155,"position":4},"title":"Prenumerera kostnadsfritt p\u00e5 EpiNytt","author":"Reser\u00e5det","date":"2025-05-12","format":false,"excerpt":"Nyhetsbrevet EpiNytt kommer vanligen ut en g\u00e5ng i veckan (p\u00e5 tisdagar) med aktuell information om utbrott och andra nyheter av relevans f\u00f6r vaccinat\u00f6rer och reser\u00e5dgivare, samt rikligt med l\u00e4nkar till bakgrundsinformation och rekommendationer p\u00e5 Reser\u00e5det Pro. Prenumeration p\u00e5 EpiNytt \u00e4r kostnadsfritt, men f\u00f6r till g\u00e5ng till Reser\u00e5det Pro kr\u00e4vs \u00e5rsprenumeration.","rel":"","context":"Liknande inl\u00e4gg","block_context":{"text":"Liknande inl\u00e4gg","link":""},"img":{"alt_text":"","src":"","width":0,"height":0},"classes":[]},{"id":1700,"url":"https:\/\/resemedicin.se\/reseradet\/sjukdomar-och-vacciner\/legionella\/","url_meta":{"origin":8155,"position":5},"title":"Legion\u00e4rssjuka (legionella)","author":"Reser\u00e5det","date":"2024-05-01","format":false,"excerpt":"Information till vaccinat\u00f6rer och reser\u00e5dgivare Smitt\u00e4mnet och smittv\u00e4gar Symptom Diagnostik och behandling Epidemiologi Riskgrupper Prevention Utbrott Smitt\u00e4mnet och smittv\u00e4gar Legionella pneumophila \u00e4r en gramnegativ bacill som oftast orsakar lunginflammation med extrapulmonella drag. Bakterien identifierades f\u00f6rsta g\u00e5ngen 1976 efter ett stort utbrott vid en kongress i Philadelphia med veteraner fr\u00e5n 2:a\u2026","rel":"","context":"Liknande inl\u00e4gg","block_context":{"text":"Liknande inl\u00e4gg","link":""},"img":{"alt_text":"","src":"https:\/\/i0.wp.com\/resemedicin.se\/reseradet\/wp-content\/uploads\/2024\/08\/legionella.jpg?resize=350%2C200&ssl=1","width":350,"height":200,"srcset":"https:\/\/i0.wp.com\/resemedicin.se\/reseradet\/wp-content\/uploads\/2024\/08\/legionella.jpg?resize=350%2C200&ssl=1 1x, https:\/\/i0.wp.com\/resemedicin.se\/reseradet\/wp-content\/uploads\/2024\/08\/legionella.jpg?resize=525%2C300&ssl=1 1.5x, https:\/\/i0.wp.com\/resemedicin.se\/reseradet\/wp-content\/uploads\/2024\/08\/legionella.jpg?resize=700%2C400&ssl=1 2x"},"classes":[]}],"jetpack_sharing_enabled":true,"_links":{"self":[{"href":"https:\/\/resemedicin.se\/reseradet\/wp-json\/wp\/v2\/pages\/8155","targetHints":{"allow":["GET"]}}],"collection":[{"href":"https:\/\/resemedicin.se\/reseradet\/wp-json\/wp\/v2\/pages"}],"about":[{"href":"https:\/\/resemedicin.se\/reseradet\/wp-json\/wp\/v2\/types\/page"}],"author":[{"embeddable":true,"href":"https:\/\/resemedicin.se\/reseradet\/wp-json\/wp\/v2\/users\/1"}],"replies":[{"embeddable":true,"href":"https:\/\/resemedicin.se\/reseradet\/wp-json\/wp\/v2\/comments?post=8155"}],"version-history":[{"count":19,"href":"https:\/\/resemedicin.se\/reseradet\/wp-json\/wp\/v2\/pages\/8155\/revisions"}],"predecessor-version":[{"id":16310,"href":"https:\/\/resemedicin.se\/reseradet\/wp-json\/wp\/v2\/pages\/8155\/revisions\/16310"}],"up":[{"embeddable":true,"href":"https:\/\/resemedicin.se\/reseradet\/wp-json\/wp\/v2\/pages\/49"}],"wp:attachment":[{"href":"https:\/\/resemedicin.se\/reseradet\/wp-json\/wp\/v2\/media?parent=8155"}],"curies":[{"name":"wp","href":"https:\/\/api.w.org\/{rel}","templated":true}]}}