{"id":6821,"date":"2024-09-23T14:35:09","date_gmt":"2024-09-23T14:35:09","guid":{"rendered":"https:\/\/resemedicin.se\/reseradet\/?page_id=6821"},"modified":"2026-03-26T12:35:11","modified_gmt":"2026-03-26T11:35:11","slug":"irak","status":"publish","type":"page","link":"https:\/\/resemedicin.se\/reseradet\/landsinformation\/irak\/","title":{"rendered":"Irak"},"content":{"rendered":"Du m\u00e5ste vara inloggad f\u00f6r att visa detta inneh\u00e5ll.","protected":false},"excerpt":{"rendered":"Du m\u00e5ste vara inloggad f\u00f6r att visa detta inneh\u00e5ll.","protected":false},"author":1,"featured_media":0,"parent":49,"menu_order":1,"comment_status":"open","ping_status":"closed","template":"","meta":{"_lmt_disableupdate":"no","_lmt_disable":"","footnotes":""},"class_list":["post-6821","page","type-page","status-publish","hentry"],"jetpack-related-posts":[{"id":9042,"url":"https:\/\/resemedicin.se\/reseradet\/landsinformation\/belgien\/","url_meta":{"origin":6821,"position":0},"title":"Belgien","author":"Reser\u00e5det","date":"2024-10-08","format":false,"excerpt":"Information till vaccinat\u00f6rer och reser\u00e5dgivare Klicka p\u00e5 bilden f\u00f6r st\u00f6rre karta Kort landsinformation Vaccinationer Andra infektioner att vara observant p\u00e5 \u00d6vriga reserisker Aktuella utbrott Kort landsinformation Belgien (befolkning cirka 11,5 miljoner inv\u00e5nare) \u00e4r ett litet, men t\u00e4tt befolkat land i V\u00e4steuropa. Det gr\u00e4nsar till Nederl\u00e4nderna i norr, Tyskland i \u00f6ster,\u2026","rel":"","context":"Liknande inl\u00e4gg","block_context":{"text":"Liknande inl\u00e4gg","link":""},"img":{"alt_text":"","src":"https:\/\/i0.wp.com\/resemedicin.se\/reseradet\/wp-content\/uploads\/2024\/10\/belgien-karta.jpg?resize=350%2C200&ssl=1","width":350,"height":200,"srcset":"https:\/\/i0.wp.com\/resemedicin.se\/reseradet\/wp-content\/uploads\/2024\/10\/belgien-karta.jpg?resize=350%2C200&ssl=1 1x, https:\/\/i0.wp.com\/resemedicin.se\/reseradet\/wp-content\/uploads\/2024\/10\/belgien-karta.jpg?resize=525%2C300&ssl=1 1.5x, https:\/\/i0.wp.com\/resemedicin.se\/reseradet\/wp-content\/uploads\/2024\/10\/belgien-karta.jpg?resize=700%2C400&ssl=1 2x"},"classes":[]},{"id":9051,"url":"https:\/\/resemedicin.se\/reseradet\/landsinformation\/nederlanderna\/","url_meta":{"origin":6821,"position":1},"title":"Nederl\u00e4nderna","author":"Reser\u00e5det","date":"2024-10-08","format":false,"excerpt":"Information till vaccinat\u00f6rer och reser\u00e5dgivare Klicka p\u00e5 bilden f\u00f6r st\u00f6rre karta Kort landsinformation Vaccinationer Andra infektioner att vara observant p\u00e5 \u00d6vriga reserisker Aktuella utbrott Kort landsinformation Nederl\u00e4nderna (befolkning cirka 17,5 miljoner inv\u00e5nare) \u00e4r ett land i V\u00e4steuropa, som gr\u00e4nsar till Belgien i s\u00f6der, Tyskland i \u00f6ster och Nordsj\u00f6n i v\u00e4ster\u2026","rel":"","context":"Liknande inl\u00e4gg","block_context":{"text":"Liknande inl\u00e4gg","link":""},"img":{"alt_text":"","src":"https:\/\/i0.wp.com\/resemedicin.se\/reseradet\/wp-content\/uploads\/2024\/10\/nederlanderna-karta.jpg?resize=350%2C200&ssl=1","width":350,"height":200,"srcset":"https:\/\/i0.wp.com\/resemedicin.se\/reseradet\/wp-content\/uploads\/2024\/10\/nederlanderna-karta.jpg?resize=350%2C200&ssl=1 1x, https:\/\/i0.wp.com\/resemedicin.se\/reseradet\/wp-content\/uploads\/2024\/10\/nederlanderna-karta.jpg?resize=525%2C300&ssl=1 1.5x, https:\/\/i0.wp.com\/resemedicin.se\/reseradet\/wp-content\/uploads\/2024\/10\/nederlanderna-karta.jpg?resize=700%2C400&ssl=1 2x"},"classes":[]},{"id":8088,"url":"https:\/\/resemedicin.se\/reseradet\/landsinformation\/cypern\/","url_meta":{"origin":6821,"position":2},"title":"Cypern","author":"Reser\u00e5det","date":"2024-10-03","format":false,"excerpt":"Information till vaccinat\u00f6rer och reser\u00e5dgivare Klicka p\u00e5 bilden f\u00f6r st\u00f6rre karta. Kort landsinformation Vaccinationer Andra infektioner att vara observant p\u00e5 \u00d6vriga reserisker Aktuella utbrott Kort landsinformation Cypern (befolkning cirka 1,2 miljoner inv\u00e5nare) \u00e4r en \u00f6stat bel\u00e4gen i \u00f6stra Medelhavet, s\u00f6der om Turkiet och v\u00e4ster om Syrien och Libanon. Landet har\u2026","rel":"","context":"Liknande inl\u00e4gg","block_context":{"text":"Liknande inl\u00e4gg","link":""},"img":{"alt_text":"","src":"https:\/\/i0.wp.com\/resemedicin.se\/reseradet\/wp-content\/uploads\/2024\/10\/cypern-karta.jpg?resize=350%2C200&ssl=1","width":350,"height":200,"srcset":"https:\/\/i0.wp.com\/resemedicin.se\/reseradet\/wp-content\/uploads\/2024\/10\/cypern-karta.jpg?resize=350%2C200&ssl=1 1x, https:\/\/i0.wp.com\/resemedicin.se\/reseradet\/wp-content\/uploads\/2024\/10\/cypern-karta.jpg?resize=525%2C300&ssl=1 1.5x, https:\/\/i0.wp.com\/resemedicin.se\/reseradet\/wp-content\/uploads\/2024\/10\/cypern-karta.jpg?resize=700%2C400&ssl=1 2x"},"classes":[]},{"id":9062,"url":"https:\/\/resemedicin.se\/reseradet\/landsinformation\/luxemburg\/","url_meta":{"origin":6821,"position":3},"title":"Luxemburg","author":"Reser\u00e5det","date":"2024-10-08","format":false,"excerpt":"Information till vaccinat\u00f6rer och reser\u00e5dgivare Klicka p\u00e5 bilden f\u00f6r st\u00f6rre karta Kort landsinformation Vaccinationer Andra infektioner att vara observant p\u00e5 \u00d6vriga reserisker Aktuella utbrott Kort landsinformation Luxemburg (befolkning cirka 645 000 inv\u00e5nare) \u00e4r ett litet, men v\u00e4lm\u00e5ende land i V\u00e4steuropa som gr\u00e4nsar till Belgien i v\u00e4ster och norr, Tyskland i\u2026","rel":"","context":"Liknande inl\u00e4gg","block_context":{"text":"Liknande inl\u00e4gg","link":""},"img":{"alt_text":"","src":"https:\/\/i0.wp.com\/resemedicin.se\/reseradet\/wp-content\/uploads\/2024\/10\/luxemburg-karta.jpg?resize=350%2C200&ssl=1","width":350,"height":200,"srcset":"https:\/\/i0.wp.com\/resemedicin.se\/reseradet\/wp-content\/uploads\/2024\/10\/luxemburg-karta.jpg?resize=350%2C200&ssl=1 1x, https:\/\/i0.wp.com\/resemedicin.se\/reseradet\/wp-content\/uploads\/2024\/10\/luxemburg-karta.jpg?resize=525%2C300&ssl=1 1.5x, https:\/\/i0.wp.com\/resemedicin.se\/reseradet\/wp-content\/uploads\/2024\/10\/luxemburg-karta.jpg?resize=700%2C400&ssl=1 2x"},"classes":[]},{"id":8067,"url":"https:\/\/resemedicin.se\/reseradet\/landsinformation\/grekland\/","url_meta":{"origin":6821,"position":4},"title":"Grekland","author":"Reser\u00e5det","date":"2024-10-03","format":false,"excerpt":"Information till vaccinat\u00f6rer och reser\u00e5dgivare Klicka p\u00e5 bilden f\u00f6r st\u00f6rre karta. Kort landsinformation Vaccinationer Andra infektioner att vara observant p\u00e5 \u00d6vriga reserisker Aktuella utbrott Kort landsinformation Grekland (befolkning cirka 10,5 miljoner inv\u00e5nare) \u00e4r bel\u00e4get i syd\u00f6stra Europa p\u00e5 den s\u00f6dra spetsen av Balkanhalv\u00f6n. Landet gr\u00e4nsar till Albanien, Nordmakedonien, Bulgarien och\u2026","rel":"","context":"Liknande inl\u00e4gg","block_context":{"text":"Liknande inl\u00e4gg","link":""},"img":{"alt_text":"","src":"https:\/\/i0.wp.com\/resemedicin.se\/reseradet\/wp-content\/uploads\/2024\/10\/Grekland.jpg?resize=350%2C200&ssl=1","width":350,"height":200,"srcset":"https:\/\/i0.wp.com\/resemedicin.se\/reseradet\/wp-content\/uploads\/2024\/10\/Grekland.jpg?resize=350%2C200&ssl=1 1x, https:\/\/i0.wp.com\/resemedicin.se\/reseradet\/wp-content\/uploads\/2024\/10\/Grekland.jpg?resize=525%2C300&ssl=1 1.5x, https:\/\/i0.wp.com\/resemedicin.se\/reseradet\/wp-content\/uploads\/2024\/10\/Grekland.jpg?resize=700%2C400&ssl=1 2x"},"classes":[]},{"id":8038,"url":"https:\/\/resemedicin.se\/reseradet\/landsinformation\/slovenien\/","url_meta":{"origin":6821,"position":5},"title":"Slovenien","author":"Reser\u00e5det","date":"2024-10-03","format":false,"excerpt":"Information till vaccinat\u00f6rer och reser\u00e5dgivare Klicka p\u00e5 bilden f\u00f6r st\u00f6rre karta. Kort landsinformation Vaccinationer Andra infektioner att vara observant p\u00e5 \u00d6vriga reserisker Aktuella utbrott Kort landsinformation Slovenien (befolkning cirka 2,1 miljoner inv\u00e5nare) ligger i Centraleuropa och gr\u00e4nsar till Italien, \u00d6sterrike, Ungern och Kroatien, med en kort kuststr\u00e4cka vid Adriatiska havet.\u2026","rel":"","context":"Liknande inl\u00e4gg","block_context":{"text":"Liknande inl\u00e4gg","link":""},"img":{"alt_text":"","src":"https:\/\/i0.wp.com\/resemedicin.se\/reseradet\/wp-content\/uploads\/2024\/10\/slovenien-karta.jpg?resize=350%2C200&ssl=1","width":350,"height":200,"srcset":"https:\/\/i0.wp.com\/resemedicin.se\/reseradet\/wp-content\/uploads\/2024\/10\/slovenien-karta.jpg?resize=350%2C200&ssl=1 1x, https:\/\/i0.wp.com\/resemedicin.se\/reseradet\/wp-content\/uploads\/2024\/10\/slovenien-karta.jpg?resize=525%2C300&ssl=1 1.5x, https:\/\/i0.wp.com\/resemedicin.se\/reseradet\/wp-content\/uploads\/2024\/10\/slovenien-karta.jpg?resize=700%2C400&ssl=1 2x"},"classes":[]}],"jetpack_sharing_enabled":true,"_links":{"self":[{"href":"https:\/\/resemedicin.se\/reseradet\/wp-json\/wp\/v2\/pages\/6821","targetHints":{"allow":["GET"]}}],"collection":[{"href":"https:\/\/resemedicin.se\/reseradet\/wp-json\/wp\/v2\/pages"}],"about":[{"href":"https:\/\/resemedicin.se\/reseradet\/wp-json\/wp\/v2\/types\/page"}],"author":[{"embeddable":true,"href":"https:\/\/resemedicin.se\/reseradet\/wp-json\/wp\/v2\/users\/1"}],"replies":[{"embeddable":true,"href":"https:\/\/resemedicin.se\/reseradet\/wp-json\/wp\/v2\/comments?post=6821"}],"version-history":[{"count":24,"href":"https:\/\/resemedicin.se\/reseradet\/wp-json\/wp\/v2\/pages\/6821\/revisions"}],"predecessor-version":[{"id":16464,"href":"https:\/\/resemedicin.se\/reseradet\/wp-json\/wp\/v2\/pages\/6821\/revisions\/16464"}],"up":[{"embeddable":true,"href":"https:\/\/resemedicin.se\/reseradet\/wp-json\/wp\/v2\/pages\/49"}],"wp:attachment":[{"href":"https:\/\/resemedicin.se\/reseradet\/wp-json\/wp\/v2\/media?parent=6821"}],"curies":[{"name":"wp","href":"https:\/\/api.w.org\/{rel}","templated":true}]}}