{"id":16,"date":"2024-03-04T14:46:25","date_gmt":"2024-03-04T14:46:25","guid":{"rendered":"https:\/\/www.friskparesan.se\/?page_id=16"},"modified":"2024-05-05T12:58:48","modified_gmt":"2024-05-05T12:58:48","slug":"om-reseradet","status":"publish","type":"page","link":"https:\/\/resemedicin.se\/reseradet\/om-reseradet\/","title":{"rendered":"Om oss"},"content":{"rendered":"\n<figure class=\"wp-block-image size-full\"><img data-recalc-dims=\"1\" loading=\"lazy\" decoding=\"async\" width=\"840\" height=\"289\" src=\"https:\/\/i0.wp.com\/resemedicin.se\/reseradet\/wp-content\/uploads\/2026\/03\/banner-reseradet.jpg?resize=840%2C289&#038;ssl=1\" alt=\"\" class=\"wp-image-16574\" srcset=\"https:\/\/i0.wp.com\/resemedicin.se\/reseradet\/wp-content\/uploads\/2026\/03\/banner-reseradet.jpg?w=1024&amp;ssl=1 1024w, https:\/\/i0.wp.com\/resemedicin.se\/reseradet\/wp-content\/uploads\/2026\/03\/banner-reseradet.jpg?resize=300%2C103&amp;ssl=1 300w, https:\/\/i0.wp.com\/resemedicin.se\/reseradet\/wp-content\/uploads\/2026\/03\/banner-reseradet.jpg?resize=768%2C264&amp;ssl=1 768w\" sizes=\"auto, (max-width: 709px) 85vw, (max-width: 909px) 67vw, (max-width: 1362px) 62vw, 840px\" \/><\/figure>\n\n\n\n<p><strong>Reser\u00e5det\u00ae<\/strong> \u00e4r Sveriges st\u00f6rsta oberoende kunskapsakt\u00f6r inom omr\u00e5det vaccinationer och medicinsk reser\u00e5dgivning. Vi erbjuder genom portalen <strong><a href=\"https:\/\/resemedicin.se\/reseradet\/\" target=\"_blank\" rel=\"noreferrer noopener\">Reser\u00e5det\u00ae Pro<\/a><\/strong> med fr\u00e5getj\u00e4nsten <strong>Svar ig\u00e5r<\/strong>, samt kurser och e-utbildningar i <strong><a href=\"https:\/\/resemedicin.se\/utbildning\/\">Vaccinakademin\u00ae<\/a><\/strong> ett helt\u00e4ckande kompetensst\u00f6d till mer \u00e4n 500 vaccinationsmottagningar i Sverige, Norge och Finland.\u00a0Det kommenterande nyhetsbrevet <strong><a href=\"https:\/\/resemedicin.se\/reseradet\/epinytt\/\" target=\"_blank\" rel=\"noreferrer noopener\">EpiNytt\u00ae<\/a><\/strong> f\u00f6rser varje vecka fler \u00e4n 2 000 individuella prenumeranter med aktuella epidemiologiska uppdateringar. Vi kan \u00e4ven erbjuda skr\u00e4ddarsydda l\u00f6sningar som passar just din verksamhet.<\/p>\n\n\n\n<p>Genom portalen <a href=\"https:\/\/resemedicin.se\/friskparesan\/\"><strong>Reser\u00e5det Frisk p\u00e5 resan<\/strong><em> <\/em><\/a>f\u00f6rser vi \u00e4ven landets resen\u00e4rer med omfattande r\u00e5d och information.<\/p>\n\n\n\n<div class=\"wp-block-columns is-layout-flex wp-container-core-columns-is-layout-9d6595d7 wp-block-columns-is-layout-flex\">\n<div class=\"wp-block-column is-layout-flow wp-block-column-is-layout-flow\">\n<ul class=\"wp-block-list\">\n<li><a href=\"https:\/\/resemedicin.se\/reseradet\/om-reseradet\/#reseradet\">Om Reser\u00e5det Pro med Svar ig\u00e5r<\/a><\/li>\n\n\n\n<li><a href=\"https:\/\/resemedicin.se\/reseradet\/om-reseradet\/#svar-igar\">Om EpiNytt<\/a><\/li>\n\n\n\n<li><a href=\"https:\/\/resemedicin.se\/reseradet\/om-reseradet\/#friskparesan\">Om Frisk p\u00e5 resan<\/a><\/li>\n\n\n\n<li><a href=\"https:\/\/resemedicin.se\/reseradet\/om-reseradet\/#utbildning\">Om Vaccinakademin<\/a><\/li>\n<\/ul>\n<\/div>\n\n\n\n<div class=\"wp-block-column is-layout-flow wp-block-column-is-layout-flow\">\n<ul class=\"wp-block-list\">\n<li><a href=\"https:\/\/resemedicin.se\/reseradet\/om-reseradet\/#kunder\">V\u00e5ra kunder<\/a><\/li>\n\n\n\n<li><a href=\"https:\/\/resemedicin.se\/reseradet\/om-reseradet\/#karl\">V\u00e5ra medarbetare<\/a><\/li>\n\n\n\n<li><a href=\"https:\/\/resemedicin.se\/reseradet\/om-reseradet\/#etik\">V\u00e5r v\u00e4rdegrund<\/a><\/li>\n\n\n\n<li><a href=\"https:\/\/resemedicin.se\/reseradet\/om-reseradet\/#evidensbas\">Evidensen bakom Reser\u00e5det<\/a><\/li>\n<\/ul>\n<\/div>\n<\/div>\n\n\n\n<h3 class=\"wp-block-heading has-white-color has-text-color has-background has-link-color wp-elements-15257430d5bd51e095052a230c888ca0\" id=\"reseradet\" style=\"background-color:#2b7c08\">Om Reser\u00e5det Pro med Svar ig\u00e5r<\/h3>\n\n\n\n<p><strong><a href=\"https:\/\/resemedicin.se\/reseradet\/\" target=\"_blank\" rel=\"noreferrer noopener\">Reser\u00e5det\u00ae Pro<\/a><\/strong> med <strong>Svar ig\u00e5r<\/strong> \u00e4r en l\u00e4ttanv\u00e4nd, kontinuerligt uppdaterad och mycket inneh\u00e5llsrik informationsresurs, med s\u00e5v\u00e4l detaljer kring anv\u00e4ndandet av samtliga vacciner i Sverige som en f\u00f6rdjupad faktabas om alla viktiga infektioner som kan drabba en resen\u00e4r, dessas epidemiologi och hur de b\u00e4st kan f\u00f6rebyggas. Allt f\u00f6r att g\u00f6ra resan s\u00e5 positiv som m\u00f6jligt. Inneh\u00e5llet t\u00e4cker ocks\u00e5 anv\u00e4ndandet av vacciner som fr\u00e4mst \u00e4r avsedda f\u00f6r svenska f\u00f6rh\u00e5llanden.<\/p>\n\n\n\n<p><strong>Reser\u00e5det\u00ae Pro&nbsp;<\/strong>&nbsp;best\u00e5r av f\u00f6ljande:<\/p>\n\n\n\n<ul style=\"font-size:18px\" class=\"wp-block-list\">\n<li style=\"font-size:16px\"><strong><a href=\"https:\/\/resemedicin.se\/reseradet\/sjukdomar-och-vacciner\/\">Sjukdomar<\/a><\/strong>: Information om mer \u00e4n 100 sjukdomar av relevans f\u00f6r vaccination och reser\u00e5dgivning, med fokus p\u00e5 epidemiologi, vaccination och annan prevention.<\/li>\n\n\n\n<li style=\"font-size:16px\"><a href=\"https:\/\/resemedicin.se\/reseradet\/vaccination\/\"><strong>Vacciner och malariaprofylax<\/strong>:<\/a>&nbsp;Detaljerad information om samtliga vacciner och l\u00e4kemedel f\u00f6r malariaprofylax som anv\u00e4nds i Sverige.<\/li>\n\n\n\n<li style=\"font-size:16px\"><strong><a href=\"https:\/\/resemedicin.se\/reseradet\/vaccination\/#vaccinationsmottagningen\">Vaccinationsmottagningen<\/a><\/strong>: Olika aspekter p\u00e5 vaccinologi, praktisk logistik kring en vaccinationsverksamhet, men ocks\u00e5 vaccination av olika specifika riskgrupper. \u00c4ven h\u00e4r kommer informationen att fyllas p\u00e5 efterhand.<\/li>\n\n\n\n<li style=\"font-size:16px\"><strong><a href=\"https:\/\/resemedicin.se\/reseradet\/vaccination\/#halsorad\">H\u00e4lsor\u00e5d<\/a><\/strong>: Ett bibliotek av faktabaserad information och r\u00e5d kring olika h\u00e4lsorisker och annat som resen\u00e4ren beh\u00f6ver t\u00e4nka p\u00e5 f\u00f6re under och efter resan. Informationen h\u00e4r ska fungeras som ett st\u00f6d f\u00f6r kundsamtalet. Detta bibliotek kommer successivt att fyllas p\u00e5 med nytt material.<\/li>\n\n\n\n<li style=\"font-size:16px\"><strong><a href=\"https:\/\/resemedicin.se\/reseradet\/landsinformation\/\">Landsrekommendationer<\/a><\/strong>: Detaljerad epidemiologisk information om infektionspanoramat i landet, andra reserisker samt vaccin- och preventions-rekommendationer f\u00f6r mer \u00e4n 200 l\u00e4nder.<\/li>\n\n\n\n<li style=\"font-size:16px\"><strong>L\u00e4nkar<\/strong>: Varje sida inneh\u00e5ller l\u00e4nkar till alla annan relevant information p\u00e5 sajten, men ocks\u00e5 ett stort antal externa l\u00e4nkar.<\/li>\n\n\n\n<li style=\"font-size:16px\"><strong><em>Svar ig\u00e5r<\/em><\/strong>: N\u00e4rmare 1 000 fr\u00e5gor och svar sedan 2022 i s\u00f6kbar databas. Aktuella fr\u00e5gor och svar skickas ocks\u00e5 ut som ett nyhetsbrev en g\u00e5ng per vecka. Med&nbsp;<a href=\"https:\/\/resemedicin.se\/reseradet\/prenumeration\/\" target=\"_blank\" rel=\"noreferrer noopener\">till\u00e4ggsprenumeration<\/a>&nbsp;kan man ocks\u00e5 st\u00e4lla fr\u00e5gor med svar oftast inom 1-2 arbetsdagar.<\/li>\n<\/ul>\n\n\n\n<p>Inneh\u00e5llet i&nbsp;<em><strong>Reser\u00e5det Pro&nbsp;<\/strong><\/em>&nbsp;\u00e4r en sammanst\u00e4llning och kritisk genomg\u00e5ng av information fr\u00e5n ett mycket stort antal svenska och internationella k\u00e4llor. Med f\u00e5 angivna undantag, \u00e4r samtliga texter nyskrivna och faktakontrollerade under 2025\/2026 f\u00f6r att s\u00e4kerst\u00e4lla en s\u00e5 fyllig och aktuell information som m\u00f6jligt.&nbsp;<\/p>\n\n\n\n<p>Grundfilosofin \u00e4r att vaccinations- och reser\u00e5d ska vara aktuella och faktabaserade, samt m\u00e5ttfulla utifr\u00e5n en individbaserad riskbed\u00f6mning (b\u00e5de risk f\u00f6r sjukdom och risk f\u00f6rknippad med de preventiva \u00e5tg\u00e4rderna).&nbsp;<\/p>\n\n\n\n<h3 class=\"wp-block-heading has-white-color has-text-color has-background has-link-color wp-elements-d088adf30920de0f4cba39587291dfa2\" id=\"svar-igar\" style=\"background-color:#2b7c08\">Om EpiNytt<\/h3>\n\n\n\n<p><strong><a href=\"https:\/\/resemedicin.se\/reseradet\/epinytt\/\" target=\"_blank\" rel=\"noreferrer noopener\">EpiNytt\u00ae<\/a><\/strong>&nbsp;\u00e4r v\u00e5rt nyhetsbrev som varje vecka f\u00f6rser mer \u00e4n 2 000 individuella prenumeranter med omv\u00e4rldsbevakning r\u00f6rande&nbsp;utbrott och nyheter p\u00e5 vaccin- och resefronten. Fokus \u00e4r p\u00e5 relevans f\u00f6r reser\u00e5dgivningen: Vad har h\u00e4nt? Vad betyder detta f\u00f6r resen\u00e4ren? Tj\u00e4nsten \u00e4r kostnadsfri och det g\u00e5r att prenumerera p\u00e5 veckobrevet med de senaste uppdateringarna <a href=\"https:\/\/resemedicin.se\/reseradet\/prenumerera-kostnadsfritt-pa-epinytt\/\">via denna l\u00e4nk<\/a> .<\/p>\n\n\n\n<h3 class=\"wp-block-heading has-white-color has-text-color has-background has-link-color wp-elements-58bd8ccf1b6bc675e4b8c531166ba589\" id=\"friskparesan\" style=\"background-color:#2b7c08\">Om Frisk p\u00e5 resan<\/h3>\n\n\n\n<p><a href=\"https:\/\/resemedicin.se\/friskparesan\/\" target=\"_blank\" rel=\"noreferrer noopener\"><strong><em>Frisk p\u00e5 resan<\/em><\/strong><\/a> inneh\u00e5ller en nedbantad och anpassad version av Reser\u00e5det skriven f\u00f6r att ge en fyllig information till resen\u00e4rer r\u00f6rande reserelaterade sjukdomar samt rekommendationer r\u00f6rande vaccinationer och andra r\u00e5d inf\u00f6r resor till alla v\u00e4rldens l\u00e4nder. P\u00e5 sajten finns dessutom ett stort antal sidor om olika andra h\u00e4lsorisker och hur man b\u00e4st skyddar sig mot dem. Sajten \u00e4r ett komplement till den information som ges p\u00e5 vaccinationscentralen och kan ocks\u00e5 ers\u00e4tta skriftlig pappersinformation. Grundtanken \u00e4r att resen\u00e4rer ska f\u00e5 m\u00f6jlighet att sj\u00e4lva kunna fatta informerade beslut om sitt resande, inklusive vilka risker man \u00e4r beredda att ta f\u00f6r att f\u00e5 en s\u00e5 upplevelserik, men \u00e4nd\u00e5 s\u00e4ker resa som det g\u00e5r.<\/p>\n\n\n\n<h3 class=\"wp-block-heading has-white-color has-text-color has-background has-link-color wp-elements-b921651c3bea62da38e4d67c95e21665\" id=\"utbildning\" style=\"background-color:#2b7c08\">Vaccinakademin<\/h3>\n\n\n\n<p>Under namnet&nbsp;<a href=\"https:\/\/resemedicin.se\/utbildning\/\"><strong>Vaccinakademin\u00ae<\/strong><\/a><strong>&nbsp;<\/strong>bedriver vi fortbildning f\u00f6r l\u00e4kare, sjuksk\u00f6terskor och andra som arbetar professionellt med vaccinationer och resemedicin. Fokus ligger p\u00e5 att ge vaccinat\u00f6rer och reser\u00e5dgivare en stabil teoretisk grund f\u00f6r sitt arbete, men ocks\u00e5 praktiska r\u00e5d och aktuella uppdateringar i ett f\u00e4lt som \u00e4r i st\u00e4ndig f\u00f6r\u00e4ndring.<\/p>\n\n\n\n<h3 class=\"wp-block-heading has-white-color has-text-color has-background has-link-color wp-elements-e13bfed42fa92b00aa90dd56f940aaa4\" id=\"kunder\" style=\"background-color:#2b7c08\">V\u00e5ra kunder<\/h3>\n\n\n\n<p>Vi servar mer \u00e4n 500 v\u00e5rdkunder i Sverige, Norge och Finland, omfattande de stora vaccinations- och f\u00f6retagsh\u00e4lsov\u00e5rdskedjorna, f\u00f6retag med global verksamhet, samt infektionskliniker, smittskyddsenheter, v\u00e5rdcentraler och enskilda vaccinationsmottagningar. <\/p>\n\n\n\n<p>Vi uppskattar en t\u00e4t och kontinuerlig dialog med v\u00e5ra kunder f\u00f6r att s\u00e4kerst\u00e4lla att den service vi erbjuder m\u00f6ter kundernas h\u00f6ga krav p\u00e5 kvalitet och tillg\u00e4nglighet.<\/p>\n\n\n\n<h3 class=\"wp-block-heading has-white-color has-text-color has-background has-link-color wp-elements-6eedf3a9c7d06eb07efe3dc7672920e9\" id=\"karl\" style=\"background-color:#2b7c08\">V\u00e5ra medarbetare<\/h3>\n\n\n\n<div class=\"wp-block-columns is-layout-flex wp-container-core-columns-is-layout-9d6595d7 wp-block-columns-is-layout-flex\">\n<div class=\"wp-block-column is-vertically-aligned-top is-layout-flow wp-block-column-is-layout-flow\">\n<figure class=\"wp-block-image size-large\"><img data-recalc-dims=\"1\" loading=\"lazy\" decoding=\"async\" width=\"840\" height=\"840\" src=\"https:\/\/i0.wp.com\/resemedicin.se\/reseradet\/wp-content\/uploads\/2026\/01\/image-7.png?resize=840%2C840&#038;ssl=1\" alt=\"\" class=\"wp-image-15885\" srcset=\"https:\/\/i0.wp.com\/resemedicin.se\/reseradet\/wp-content\/uploads\/2026\/01\/image-7.png?resize=1024%2C1024&amp;ssl=1 1024w, https:\/\/i0.wp.com\/resemedicin.se\/reseradet\/wp-content\/uploads\/2026\/01\/image-7.png?resize=300%2C300&amp;ssl=1 300w, https:\/\/i0.wp.com\/resemedicin.se\/reseradet\/wp-content\/uploads\/2026\/01\/image-7.png?resize=150%2C150&amp;ssl=1 150w, https:\/\/i0.wp.com\/resemedicin.se\/reseradet\/wp-content\/uploads\/2026\/01\/image-7.png?resize=768%2C768&amp;ssl=1 768w, https:\/\/i0.wp.com\/resemedicin.se\/reseradet\/wp-content\/uploads\/2026\/01\/image-7.png?w=1200&amp;ssl=1 1200w\" sizes=\"auto, (max-width: 709px) 85vw, (max-width: 909px) 67vw, (max-width: 1362px) 62vw, 840px\" \/><\/figure>\n<\/div>\n\n\n\n<div class=\"wp-block-column is-layout-flow wp-block-column-is-layout-flow\">\n<figure class=\"wp-block-image size-large\"><img data-recalc-dims=\"1\" loading=\"lazy\" decoding=\"async\" width=\"840\" height=\"840\" src=\"https:\/\/i0.wp.com\/resemedicin.se\/reseradet\/wp-content\/uploads\/2026\/01\/image-8.png?resize=840%2C840&#038;ssl=1\" alt=\"\" class=\"wp-image-15893\" srcset=\"https:\/\/i0.wp.com\/resemedicin.se\/reseradet\/wp-content\/uploads\/2026\/01\/image-8.png?resize=1024%2C1024&amp;ssl=1 1024w, https:\/\/i0.wp.com\/resemedicin.se\/reseradet\/wp-content\/uploads\/2026\/01\/image-8.png?resize=300%2C300&amp;ssl=1 300w, https:\/\/i0.wp.com\/resemedicin.se\/reseradet\/wp-content\/uploads\/2026\/01\/image-8.png?resize=150%2C150&amp;ssl=1 150w, https:\/\/i0.wp.com\/resemedicin.se\/reseradet\/wp-content\/uploads\/2026\/01\/image-8.png?resize=768%2C768&amp;ssl=1 768w, https:\/\/i0.wp.com\/resemedicin.se\/reseradet\/wp-content\/uploads\/2026\/01\/image-8.png?w=1200&amp;ssl=1 1200w\" sizes=\"auto, (max-width: 709px) 85vw, (max-width: 909px) 67vw, (max-width: 1362px) 62vw, 840px\" \/><\/figure>\n<\/div>\n<\/div>\n\n\n\n<div class=\"wp-block-columns is-layout-flex wp-container-core-columns-is-layout-9d6595d7 wp-block-columns-is-layout-flex\">\n<div class=\"wp-block-column is-layout-flow wp-block-column-is-layout-flow\">\n<p style=\"font-size:18px\"><strong>Karl Ekdahl<\/strong><br>Medicinskt ansvarig och inneh\u00e5llsredakt\u00f6r<\/p>\n\n\n\n<ul class=\"wp-block-list\">\n<li>Legitimerad l\u00e4kare och specialist i infektionssjukdomar med diplomutbildning i tropikmedicin (<a href=\"https:\/\/mahidol.ac.th\" target=\"_blank\" rel=\"noreferrer noopener\">Bangkok<\/a>) och masterexamen i epidemiologi (<a href=\"https:\/\/www.lshtm.ac.uk\" target=\"_blank\" rel=\"noreferrer noopener\">London<\/a>).<\/li>\n\n\n\n<li>Drygt 25 \u00e5rs erfarenhet av nationellt och internationellt smittskyddsarbete i ledande positioner (Smittskyddsinstitutet och&nbsp;<a href=\"https:\/\/www.ecdc.europa.eu\/en\" target=\"_blank\" rel=\"noreferrer noopener\">Europeiska Folkh\u00e4lsomyndigheten \u2013 ECDC<\/a>). P\u00e5 ECDC bl.a. ansvarat f\u00f6r vaccinationsfr\u00e5gor (inkl&nbsp;<a href=\"https:\/\/vaccination-info.europa.eu\/en\" target=\"_blank\" rel=\"noreferrer noopener\">Europeiska vaccinationsinformationsportalen<\/a>), reserelaterade infektioner och utbildning, samt varit co-chair f\u00f6r&nbsp;<a href=\"https:\/\/www.ecdc.europa.eu\/en\/about-ecdc\/partners-and-networks\/eu-institutions-and-agencies\/vaccine-monitoring-platform\" target=\"_blank\" rel=\"noreferrer noopener\">European Vaccine Monitoring Platform<\/a><\/li>\n\n\n\n<li>V\u00e4lmeriterad forskare (medicine doktor, docent, och adjungerad professor) med extensiv vetenskaplig produktion (&gt;100 artiklar bl.a. r\u00f6rande smittskydd, resemedicin och antibiotikaresistens). Omfattande handlednings- och undervisningserfarenhet p\u00e5 magister- och doktorandniv\u00e5.<\/li>\n\n\n\n<li>F.d. Editor-in-chief f\u00f6r&nbsp;<a href=\"https:\/\/www.eurosurveillance.org\/\" target=\"_blank\" rel=\"noreferrer noopener\"><em>Eurosurveillance<\/em><\/a>, Europas ledande infektionsepidemiologiska vetenskapliga tidskrift.<\/li>\n\n\n\n<li>Global smittskyddserfarenhet fr\u00e5n Kina, Ryssland, Nordafrika, Mellan\u00f6stern och Svarta Havsomr\u00e5det.<\/li>\n\n\n\n<li>Dykl\u00e4karutbildning vid Marinens Dykskola.<\/li>\n<\/ul>\n<\/div>\n\n\n\n<div class=\"wp-block-column is-layout-flow wp-block-column-is-layout-flow\">\n<p style=\"font-size:18px\"><strong>Ren\u00e9e Grundstr\u00f6m Ekdahl<\/strong><br>Verksamhetschef och aff\u00e4rsutveckling<\/p>\n\n\n\n<ul class=\"wp-block-list\">\n<li>Filosofie magister, leg. psykoterapeut, handledare<\/li>\n\n\n\n<li>M\u00e5ng\u00e5rig erfarenhet av verksamhetsutveckling<\/li>\n\n\n\n<li>Drivs av en vilja att ge kunder ett merv\u00e4rde utifr\u00e5n behovet i deras dagliga verksamhet.<\/li>\n<\/ul>\n<\/div>\n<\/div>\n\n\n\n<h3 class=\"wp-block-heading has-white-color has-text-color has-background has-link-color wp-elements-452c5934023bcbc3bb56d2f1a15006ed\" id=\"etik\" style=\"background-color:#2b7c08\">V\u00e5r v\u00e4rdegrund<\/h3>\n\n\n\n<p>Reser\u00e5dets verksamhet avser att ge ett m\u00e4nskligt och ekonomiskt merv\u00e4rde i form av \u00f6kad h\u00e4lsa och minskat lidande. Vi arbetar enligt ett CSR-koncept avseende h\u00e5llbar milj\u00f6, ansvarsfulla ink\u00f6p, engagemang f\u00f6r intressenter, arbetsnormer och arbetsvillkor, relationer mellan anst\u00e4llda och samh\u00e4llet, social j\u00e4mlikhet, j\u00e4mst\u00e4lldhet mellan k\u00f6nen, HBTQ r\u00e4ttigheter, m\u00e4nskliga r\u00e4ttigheter, god f\u00f6rvaltning och \u00e5tg\u00e4rder mot korruption.<\/p>\n\n\n\n<p style=\"font-size:18px\"><strong>Reser\u00e5det har en dialog med, men st\u00e5r finansiellt helt fritt fr\u00e5n, vaccinindustrin. Du kommer d\u00e4rf\u00f6r inte att se n\u00e5gon vaccinreklam p\u00e5 dessa sidor.<\/strong><\/p>\n\n\n\n<div class=\"wp-block-columns is-layout-flex wp-container-core-columns-is-layout-9d6595d7 wp-block-columns-is-layout-flex\">\n<div class=\"wp-block-column is-layout-flow wp-block-column-is-layout-flow\" style=\"flex-basis:33.33%\">\n<figure class=\"wp-block-image size-large\"><a href=\"https:\/\/lakareutangranser.se\" target=\"_blank\" rel=\" noreferrer noopener\"><img data-recalc-dims=\"1\" loading=\"lazy\" decoding=\"async\" width=\"840\" height=\"840\" src=\"https:\/\/i0.wp.com\/resemedicin.se\/reseradet\/wp-content\/uploads\/2026\/02\/MSF-Supportpaket.png?resize=840%2C840&#038;ssl=1\" alt=\"\" class=\"wp-image-15980\" srcset=\"https:\/\/i0.wp.com\/resemedicin.se\/reseradet\/wp-content\/uploads\/2026\/02\/MSF-Supportpaket.png?resize=1024%2C1024&amp;ssl=1 1024w, https:\/\/i0.wp.com\/resemedicin.se\/reseradet\/wp-content\/uploads\/2026\/02\/MSF-Supportpaket.png?resize=300%2C300&amp;ssl=1 300w, https:\/\/i0.wp.com\/resemedicin.se\/reseradet\/wp-content\/uploads\/2026\/02\/MSF-Supportpaket.png?resize=150%2C150&amp;ssl=1 150w, https:\/\/i0.wp.com\/resemedicin.se\/reseradet\/wp-content\/uploads\/2026\/02\/MSF-Supportpaket.png?resize=768%2C768&amp;ssl=1 768w, https:\/\/i0.wp.com\/resemedicin.se\/reseradet\/wp-content\/uploads\/2026\/02\/MSF-Supportpaket.png?w=1080&amp;ssl=1 1080w\" sizes=\"auto, (max-width: 709px) 85vw, (max-width: 909px) 67vw, (max-width: 1362px) 62vw, 840px\" \/><\/a><\/figure>\n<\/div>\n\n\n\n<div class=\"wp-block-column is-layout-flow wp-block-column-is-layout-flow\" style=\"flex-basis:66.66%\">\n<p>Som en del i v\u00e5r str\u00e4van att bidra till en b\u00e4ttre h\u00e4lsa globalt g\u00e5r en del av v\u00e5ra int\u00e4kter direkt till <strong>L\u00e4kare utan Gr\u00e4nser<\/strong> f\u00f6r deras viktiga internationella arbete.<\/p>\n\n\n\n<p>Bli g\u00e4rna en <a href=\"https:\/\/lakareutangranser.se\/stod-oss\/ge-en-gava\" target=\"_blank\" rel=\"noreferrer noopener\">givare du ocks\u00e5<\/a>.<\/p>\n<\/div>\n<\/div>\n\n\n\n<h3 class=\"wp-block-heading has-white-color has-text-color has-background has-link-color wp-elements-999f89d860fb9774953e686b71dd215e\" id=\"evidensbas\" style=\"background-color:#2b7c08\">Evidensen bakom Reser\u00e5det<\/h3>\n\n\n\n<p>Inneh\u00e5llet i Reser\u00e5det bygger p\u00e5 evidens och praxis utg\u00e5ngna fr\u00e5n ett stort antal auktoritativa svenska och internationella k\u00e4llor r\u00f6rande resemedicin och vaccinologi. Vi \u00e4r \u00f6dmjuka inf\u00f6r det faktum att inom det resemedicinska f\u00e4ltet finns f\u00e5 absoluta sanningar, varf\u00f6r expertbed\u00f6mningar ofta f\u00e5r ligga bakom r\u00e5den och rekommendationerna. Nationella traditioner kan g\u00f6ra att dessa skiljer sig fr\u00e5n land till land. Till v\u00e5r hj\u00e4lp har vi ett <a href=\"https:\/\/resemedicin.se\/reseradet\/referenser\/\">omfattande k\u00e4llbibliotek<\/a> som \u00e4r \u00f6ppet f\u00f6r Reser\u00e5dets prenumeranter.<\/p>\n","protected":false},"excerpt":{"rendered":"<p>Reser\u00e5det\u00ae \u00e4r Sveriges st\u00f6rsta oberoende kunskapsakt\u00f6r inom omr\u00e5det vaccinationer och medicinsk reser\u00e5dgivning. Vi erbjuder genom portalen Reser\u00e5det\u00ae Pro med fr\u00e5getj\u00e4nsten Svar ig\u00e5r, samt kurser och e-utbildningar i Vaccinakademin\u00ae ett helt\u00e4ckande kompetensst\u00f6d till mer \u00e4n 500 vaccinationsmottagningar i Sverige, Norge och Finland.\u00a0Det kommenterande nyhetsbrevet EpiNytt\u00ae f\u00f6rser varje vecka fler \u00e4n 2 000 individuella prenumeranter med aktuella &hellip; <a href=\"https:\/\/resemedicin.se\/reseradet\/om-reseradet\/\" class=\"more-link\">Forts\u00e4tt l\u00e4sa<span class=\"screen-reader-text\"> \u201dOm oss\u201d<\/span><\/a><\/p>\n","protected":false},"author":1,"featured_media":0,"parent":0,"menu_order":0,"comment_status":"closed","ping_status":"closed","template":"","meta":{"_lmt_disableupdate":"yes","_lmt_disable":"","footnotes":""},"class_list":["post-16","page","type-page","status-publish","hentry"],"jetpack-related-posts":[{"id":10888,"url":"https:\/\/resemedicin.se\/reseradet\/gratis-prova-pa\/","url_meta":{"origin":16,"position":0},"title":"Gratis prova p\u00e5","author":"Reser\u00e5det","date":"2024-10-28","format":false,"excerpt":"Du som professionellt arbetar med vaccinationsfr\u00e5gor eller resemedicin kan utan kostnad prova p\u00e5 Reser\u00e5det Pro och Svar ig\u00e5r. Detta ing\u00e5r: Mer \u00e4n 400 sidor kontinuerligt uppdaterad information r\u00f6rande resemedicin och anv\u00e4ndning av samtliga tillg\u00e4ngliga vacciner och medel f\u00f6r malariaprofylax i Sverige; ing\u00e5ende rese- och vaccinationsrekommendationer f\u00f6r mer \u00e4n 240 l\u00e4nder\u2026","rel":"","context":"Liknande inl\u00e4gg","block_context":{"text":"Liknande inl\u00e4gg","link":""},"img":{"alt_text":"","src":"https:\/\/i0.wp.com\/resemedicin.se\/reseradet\/wp-content\/uploads\/2026\/03\/banner-reseradet.jpg?resize=350%2C200&ssl=1","width":350,"height":200,"srcset":"https:\/\/i0.wp.com\/resemedicin.se\/reseradet\/wp-content\/uploads\/2026\/03\/banner-reseradet.jpg?resize=350%2C200&ssl=1 1x, https:\/\/i0.wp.com\/resemedicin.se\/reseradet\/wp-content\/uploads\/2026\/03\/banner-reseradet.jpg?resize=525%2C300&ssl=1 1.5x, https:\/\/i0.wp.com\/resemedicin.se\/reseradet\/wp-content\/uploads\/2026\/03\/banner-reseradet.jpg?resize=700%2C400&ssl=1 2x"},"classes":[]},{"id":9501,"url":"https:\/\/resemedicin.se\/reseradet\/reserad\/malariaprofylax-med-doxycyklin\/","url_meta":{"origin":16,"position":1},"title":"Malariaprofylax med doxycyklin","author":"Reser\u00e5det","date":"2024-10-12","format":false,"excerpt":"Information till resen\u00e4rer Till dig som rekommenderats malariaprofylax med doxycyklin Flera fabrikanter s\u00e4ljer doxycyklin ( =Doxyferm m.fl). I Sverige anses doxycyklin s\u00e4kert under f\u00f6rsta h\u00e4lften av graviditeten och \u00e4r s\u00e4rskilt l\u00e4mpligt f\u00f6r dem som planerar att bli gravida. Doxycyklin skall inte anv\u00e4ndas av barn som \u00e4r yngre \u00e4n 8 \u00e5r\u2026","rel":"","context":"Liknande inl\u00e4gg","block_context":{"text":"Liknande inl\u00e4gg","link":""},"img":{"alt_text":"","src":"","width":0,"height":0},"classes":[]},{"id":172,"url":"https:\/\/resemedicin.se\/reseradet\/reserad\/sexuell-halsa\/","url_meta":{"origin":16,"position":2},"title":"Sexuell h\u00e4lsa","author":"Reser\u00e5det","date":"2024-03-07","format":false,"excerpt":"Information till vaccinat\u00f6rer och reser\u00e5dgivare Bakgrund Semester och resor inbjuder ibland till tillf\u00e4lliga sexuella kontakter. Resan i sig och k\u00e4nslan av att vara borta fr\u00e5n vardagen, kanske i kombination med alkohol, kan \u00f6ka risken f\u00f6r ett st\u00f6rre sexuellt risktagande \u00e4n vanligtvis, med risk att smittas med en sexuellt \u00f6verf\u00f6rbar infektion\u2026","rel":"","context":"Liknande inl\u00e4gg","block_context":{"text":"Liknande inl\u00e4gg","link":""},"img":{"alt_text":"","src":"https:\/\/i0.wp.com\/resemedicin.se\/reseradet\/wp-content\/uploads\/2024\/09\/sex.jpg?resize=350%2C200&ssl=1","width":350,"height":200,"srcset":"https:\/\/i0.wp.com\/resemedicin.se\/reseradet\/wp-content\/uploads\/2024\/09\/sex.jpg?resize=350%2C200&ssl=1 1x, https:\/\/i0.wp.com\/resemedicin.se\/reseradet\/wp-content\/uploads\/2024\/09\/sex.jpg?resize=525%2C300&ssl=1 1.5x, https:\/\/i0.wp.com\/resemedicin.se\/reseradet\/wp-content\/uploads\/2024\/09\/sex.jpg?resize=700%2C400&ssl=1 2x"},"classes":[]},{"id":2029,"url":"https:\/\/resemedicin.se\/reseradet\/vaccination\/klorokinfosfat\/","url_meta":{"origin":16,"position":3},"title":"Klorokinfosfat","author":"Reser\u00e5det","date":"2024-05-07","format":false,"excerpt":"Information till vaccinat\u00f6rer och reser\u00e5dgivare P.g.a. uttalad resistens anv\u00e4nds detta preparat inte l\u00e4ngre i Sverige. L\u00e4kemedlet \u00e4r avregistrerat i Sverige sedan 2025-01-20.","rel":"","context":"Liknande inl\u00e4gg","block_context":{"text":"Liknande inl\u00e4gg","link":""},"img":{"alt_text":"","src":"","width":0,"height":0},"classes":[]},{"id":238,"url":"https:\/\/resemedicin.se\/reseradet\/sjukdomar-och-vacciner\/massling\/","url_meta":{"origin":16,"position":4},"title":"M\u00e4ssling","author":"Reser\u00e5det","date":"2024-03-07","format":false,"excerpt":"Information till vaccinat\u00f6rer och reser\u00e5dgivare Smitt\u00e4mnet och smittv\u00e4gar Sjukdomsbild Diagnostik och behandling Epidemiologi Riskgrupper Vaccination Aktuella utbrott Pojke med m\u00e4ssling. Foto: CDC. Smitt\u00e4mnet och smittv\u00e4gar M\u00e4sslingsviruset \u00e4r ett paramyxovirus av sl\u00e4ktet Morbillivirus. Det finns bara en antigen typ av m\u00e4sslingsvirus. \u00c4ven om studier har dokumenterat antigena f\u00f6r\u00e4ndringar i H-proteinet, verkar\u2026","rel":"","context":"Liknande inl\u00e4gg","block_context":{"text":"Liknande inl\u00e4gg","link":""},"img":{"alt_text":"","src":"https:\/\/i0.wp.com\/resemedicin.se\/reseradet\/wp-content\/uploads\/2024\/03\/meascdc001a.jpg?resize=350%2C200&ssl=1","width":350,"height":200,"srcset":"https:\/\/i0.wp.com\/resemedicin.se\/reseradet\/wp-content\/uploads\/2024\/03\/meascdc001a.jpg?resize=350%2C200&ssl=1 1x, https:\/\/i0.wp.com\/resemedicin.se\/reseradet\/wp-content\/uploads\/2024\/03\/meascdc001a.jpg?resize=525%2C300&ssl=1 1.5x"},"classes":[]},{"id":252,"url":"https:\/\/resemedicin.se\/reseradet\/sjukdomar-och-vacciner\/tbe\/","url_meta":{"origin":16,"position":5},"title":"F\u00e4stingburen hj\u00e4rninflammation (TBE)","author":"Reser\u00e5det","date":"2024-03-07","format":false,"excerpt":"Information till vaccinat\u00f6rer och reser\u00e5dgivare Smitt\u00e4mnet och smittv\u00e4gar Sjukdomsbild Diagnostik och behandling Epidemiologi S\u00e4rskilt riskutsatta resen\u00e4rer Vaccination och \u00f6vrig prevention Aktuella utbrott Smitt\u00e4mnet och smittv\u00e4gar F\u00e4stingburen hj\u00e4rninflammation (TBE) \u00e4r en virusorsakad infektionssjukdom orsakad av TBE-virus. Viruset f\u00f6rekommer som tre typer, Europeisk TBEV (EurTBEV), Sibirisk TBEV (Sib-TBEV)\u00a0och Fj\u00e4rran \u00f6stern TBEV (FE-TBEV)\u2026","rel":"","context":"Liknande inl\u00e4gg","block_context":{"text":"Liknande inl\u00e4gg","link":""},"img":{"alt_text":"","src":"https:\/\/i0.wp.com\/resemedicin.se\/reseradet\/wp-content\/uploads\/2024\/09\/fastingbett.jpg?resize=350%2C200&ssl=1","width":350,"height":200,"srcset":"https:\/\/i0.wp.com\/resemedicin.se\/reseradet\/wp-content\/uploads\/2024\/09\/fastingbett.jpg?resize=350%2C200&ssl=1 1x, https:\/\/i0.wp.com\/resemedicin.se\/reseradet\/wp-content\/uploads\/2024\/09\/fastingbett.jpg?resize=525%2C300&ssl=1 1.5x, https:\/\/i0.wp.com\/resemedicin.se\/reseradet\/wp-content\/uploads\/2024\/09\/fastingbett.jpg?resize=700%2C400&ssl=1 2x"},"classes":[]}],"jetpack_sharing_enabled":true,"_links":{"self":[{"href":"https:\/\/resemedicin.se\/reseradet\/wp-json\/wp\/v2\/pages\/16","targetHints":{"allow":["GET"]}}],"collection":[{"href":"https:\/\/resemedicin.se\/reseradet\/wp-json\/wp\/v2\/pages"}],"about":[{"href":"https:\/\/resemedicin.se\/reseradet\/wp-json\/wp\/v2\/types\/page"}],"author":[{"embeddable":true,"href":"https:\/\/resemedicin.se\/reseradet\/wp-json\/wp\/v2\/users\/1"}],"replies":[{"embeddable":true,"href":"https:\/\/resemedicin.se\/reseradet\/wp-json\/wp\/v2\/comments?post=16"}],"version-history":[{"count":70,"href":"https:\/\/resemedicin.se\/reseradet\/wp-json\/wp\/v2\/pages\/16\/revisions"}],"predecessor-version":[{"id":6463,"href":"https:\/\/resemedicin.se\/reseradet\/wp-json\/wp\/v2\/pages\/16\/revisions\/6463"}],"wp:attachment":[{"href":"https:\/\/resemedicin.se\/reseradet\/wp-json\/wp\/v2\/media?parent=16"}],"curies":[{"name":"wp","href":"https:\/\/api.w.org\/{rel}","templated":true}]}}